{"id":149,"date":"2016-02-17T08:52:31","date_gmt":"2016-02-17T07:52:31","guid":{"rendered":"http:\/\/www.radiocona.si\/slo\/?page_id=149"},"modified":"2016-02-23T11:49:27","modified_gmt":"2016-02-23T10:49:27","slug":"radiocona0-2425-izborelena-biserna","status":"publish","type":"page","link":"https:\/\/www.radiocona.si\/slo\/radiocona0-2425-izborelena-biserna\/","title":{"rendered":"radioCona:0.2425 (izbor:Elena Biserna)"},"content":{"rendered":"<p>Gilles Aubry\u00a0<em>The Amplification of Souls<\/em>\u00a030:09<br \/>\nEmeka Ogboh<strong>\u00a0<\/strong><em>Lagos Soundscape<\/em> selection<br \/>\nSimohammed Fettaka, <em>La r\u00e9volution de dimanche (<em>The Sunday Revolution)<\/em><\/em>\u00a0 5:48<br \/>\nGeorg Klein\u00a0<em>Le Due Forze di Taranto<\/em>\u00a0 8:40<br \/>\nAnna Raimondo\u00a0<em>In Between<\/em>\u00a0 14:47<br \/>\nChristopher DeLaurenti, <em>Fit the Description (Ferguson, 9-13 August 2014)<\/em>\u00a031:13<br \/>\nRaed Yassin\u00a0<em>CW tapes<\/em>\u00a0 24:10<br \/>\nJustin Bennett\u00a0<em>The Well<\/em>\u00a0 53<br \/>\nJacob Kirkegaard\u00a0<em>Ears of the Other<\/em>\u00a0 14:51<br \/>\nkatrinem, <em>ho\u0308rstu\u0308ck<\/em>\u00a0 24:59<br \/>\nwr, <em>border sounds<\/em>\u00a071:83<\/p>\n<p>opis del v angle\u0161\u010dini (<strong><a href=\"http:\/\/www.radiocona.si\/slo\/wp-content\/uploads\/sites\/3\/2016\/02\/radioCona-texts-for-website.pdf\">pdf<\/a><\/strong>)<br \/>\nprogram oddajanja (<strong><a href=\"http:\/\/goo.gl\/Yma8QR\">pdf<\/a><\/strong>)<\/p>\n<p>V izboru so predstavljena dela, ki kompozicijo zvo\u010dne krajine razumejo kot kriti\u010dno prakso. Izbor zajema dela, ki se skozi spodkopavanje transparentnosti zvo\u010dnih zapisov osredoto\u010dajo na umetnikovo prisotnost, naravnanost in\/ali delovanje v kontekstu specifi\u010dnih dru\u017ebeno-kulturnih teritorijev, lokalnih in globalnih zgodovin, urbanih dinamik ali geopoliti\u010dnih okvirov. Z izborom del posku\u0161am osvetliti in pod\u010drtati subjektivne aspekte zajemanja in procesiranja zvoka kot tudi njun metafori\u010dni in konkretni potencial za artikulacijo razli\u010dnih teritorialnih, kulturnih, kolektivnih in partikularnih naracij.<\/p>\n","protected":false},"excerpt":{"rendered":"<p>Gilles Aubry\u00a0The Amplification of Souls\u00a030:09 Emeka Ogboh\u00a0Lagos Soundscape selection Simohammed Fettaka, La r\u00e9volution de dimanche (The Sunday Revolution)\u00a0 5:48 Georg Klein\u00a0Le Due Forze di Taranto\u00a0 8:40 Anna Raimondo\u00a0In Between\u00a0 14:47 Christopher DeLaurenti, Fit the Description (Ferguson, 9-13 August 2014)\u00a031:13 Raed Yassin\u00a0CW tapes\u00a0 24:10 Justin Bennett\u00a0The Well\u00a0 53 Jacob Kirkegaard\u00a0Ears of the Other\u00a0 14:51 katrinem, ho\u0308rstu\u0308ck\u00a0 [&hellip;]<\/p>\n","protected":false},"author":3,"featured_media":0,"parent":0,"menu_order":0,"comment_status":"closed","ping_status":"closed","template":"","meta":{"_mi_skip_tracking":false,"_monsterinsights_sitenote_active":false,"_monsterinsights_sitenote_note":"","_monsterinsights_sitenote_category":0},"_links":{"self":[{"href":"https:\/\/www.radiocona.si\/slo\/wp-json\/wp\/v2\/pages\/149"}],"collection":[{"href":"https:\/\/www.radiocona.si\/slo\/wp-json\/wp\/v2\/pages"}],"about":[{"href":"https:\/\/www.radiocona.si\/slo\/wp-json\/wp\/v2\/types\/page"}],"author":[{"embeddable":true,"href":"https:\/\/www.radiocona.si\/slo\/wp-json\/wp\/v2\/users\/3"}],"replies":[{"embeddable":true,"href":"https:\/\/www.radiocona.si\/slo\/wp-json\/wp\/v2\/comments?post=149"}],"version-history":[{"count":5,"href":"https:\/\/www.radiocona.si\/slo\/wp-json\/wp\/v2\/pages\/149\/revisions"}],"predecessor-version":[{"id":206,"href":"https:\/\/www.radiocona.si\/slo\/wp-json\/wp\/v2\/pages\/149\/revisions\/206"}],"wp:attachment":[{"href":"https:\/\/www.radiocona.si\/slo\/wp-json\/wp\/v2\/media?parent=149"}],"curies":[{"name":"wp","href":"https:\/\/api.w.org\/{rel}","templated":true}]}}