{"id":823,"date":"2020-01-06T16:14:11","date_gmt":"2020-01-06T15:14:11","guid":{"rendered":"http:\/\/www.radiocona.si\/slo\/?page_id=823"},"modified":"2020-01-20T21:05:17","modified_gmt":"2020-01-20T20:05:17","slug":"radiocona-krajine-pripovedijv","status":"publish","type":"page","link":"https:\/\/www.radiocona.si\/slo\/radiocona-krajine-pripovedijv\/","title":{"rendered":"radioCona: Krajine pripovedi JV"},"content":{"rendered":"<p><strong>Poslu\u0161anje oskrunjene narave, poslu\u0161anje samega sebe, arhiviranje dru\u017ebenih realnosti ustvarjanje novih \u2013 s \u010duti, prebujenimi z zvokom<em>.<\/em><\/strong><\/p>\n<p><a href=\"http:\/\/www.radiocona.si\/slo\/radiocona-krajine-pripovedijv\/radiocona-2\/\" rel=\"attachment wp-att-831\"><img decoding=\"async\" loading=\"lazy\" class=\"alignleft size-thumbnail wp-image-831\" src=\"http:\/\/www.radiocona.si\/slo\/wp-content\/uploads\/sites\/3\/2020\/01\/radioCona-150x150.jpg\" alt=\"\" width=\"150\" height=\"150\" \/><\/a><\/p>\n<p><a href=\"http:\/\/www.radiocona.si\/slo\/program-po-dnevih_radioconakrajine-pripovedi-jv\/\">FM program po dnevih<\/a>\u00a0 pdf\u00a0<a href=\"http:\/\/www.radiocona.si\/wp-content\/uploads\/2019\/12\/radioCona_description-FIN.pdf\">description of works<\/a><\/p>\n<p><em>radioCona:Krajine pripovedi JV <\/em>\u00a0razstavlja dela zvo\u010dne umetnosti (s fokusom na bioakustiki in umetni\u0161kih intervencijah v terenske posnetke) z umetniki iz Slovenije, Hrva\u0161ke, Srbije, Bosne in Hercegovine, Makedonije, Gr\u010dije, Bolgarije in Romunije ter sku\u0161a odgovoriti na nekatera vpra\u0161anja o mnemopoetikah Balkana in Jugovzhodne Evrope. Na ta na\u010din FM razstava zopet razkriva povsem nepoznan teren, ki ga \u017ee nekaj let intenzivno raziskuje tokratna povabljena kuratorica <a href=\"http:\/\/manjaristic.blogspot.com\/p\/blog-page.html\">Manja Risti\u0107<\/a>.<\/p>\n<p>Besede kuratorice:<\/p>\n<p>Mnemopoetiki Balkana in Jugovzhodne Evrope sta zgo\u0161\u010dena palimpsesta brbotajo\u010de krvi, boja za svobodo, enotnost in izgradnjo, a tudi hude uni\u010devalnosti, krute pristranskosti in delitev. Kako je ta ve\u010dslojni spomin vstavljen v zvo\u010dno krajino? Kako lahko usmerimo ve\u010d pozornosti na neizbe\u017eno razigranost naravnih procesov v na\u0161em gosto poseljenem del\u010dku sveta? Ali lahko na\u0161e intimne reimaginacije omogo\u010dijo obstoj novih realnosti in vrednot?<\/p>\n<p>V svojem predanem trudu brskanja po delih regijskih zvo\u010dnih umetnikov sem se trudila izogniti kakr\u0161nemu koli osebnemu vplivu in ohraniti \u010dim \u0161ir\u0161o kuratorsko vizijo \u2013 pri strukturiranju \u201askeleta s \u0161tirimi udi\u2018 sem se dr\u017eala naslednjih pravil: kompozicije morajo biti bioakusti\u010dne, umetni\u0161ke intervencije v terenske posnetke, zvo\u010dne krajine in okoljski zvoki. Nobena tema in noben filozofski podtekst ne sme biti dele\u017een preferen\u010dne obravnave. Kljub temu nevtralnemu pristopu, pa je bilo mogo\u010de v prejetih gradivih hitro zaznati ve\u010d skupnih imenovalcev \u2013 izostren \u010dut za pozorno poslu\u0161anje, mo\u010dno dru\u017ebeno dojemanje zvoka v kontekstualnih narativih, oprijemljivo strukturiranje v razkrivanju intimnosti osebnih ustvarjalnih procesov in iskrena naklonjenost do narave in okolja, z zvokom na piedestalu kot brezhibnim graditeljem realnosti.<\/p>\n<p>Umetniki, ki izvirajo iz razli\u010dnih polj \u2013 terenski posnetki, zvo\u010dna umetnost, sodobna kompozicija, elektroakusti\u010dni eksperiment, konceptualni in aplikativni zvok, biosoni\u010dne raziskave idr., se vsi zdru\u017eujejo okoli istega omre\u017eja \u2013 raziskovanja formativne narave zvoka in njegovega posledi\u010dnega vedenja pri prenosu energije in\/ali zamisli.<\/p>\n<p>Po splo\u0161nem mnenju je pomen bioakustike in terenskih posnetkov predvsem v opazovanju in ohranjanju dolo\u010denega okolja. V tem kuratorskem konceptu pa bi \u017eelela izpostaviti dokaj tektonski postulat aktivnega poslu\u0161anja kot raz\u0161irjene \u00bbkompozicijske\u00ab prakse.<\/p>\n<p>Dejansko si mo\u010dno \u017eelim, da bi lahko v bli\u017enji prihodnosti zavestno opustili dojemanje kompozicije kot zaprtega in v celoti nadzorovanega procesa strukturiranja zvoka in se premaknili proti bolj dinami\u010dni in nepredvidljivi realnosti nedeljenih edinstvenih izku\u0161enj. Poganja jih formativna narava zvoka in njegova nelo\u010dljivost od prostorske in telesne dinamike (v njunem \u0161ir\u0161em smislu), s posebnim fokusom na nevralni diverziteti tako \u010dlove\u0161kih kot tudi ne\u010dlove\u0161kih aktivnosti in njihovega ve\u010d \u010dutnega procesiranja, ter od dolo\u010denih manj oprijemljivih soni\u010dnih lastnosti, kot so nesli\u0161ne in\/ali simpateti\u010dne resonance.<\/p>\n<p>Zato se vpra\u0161am, kje v tej vseprisotni vlogi zvoka naj bi iskali njegov dru\u017ebeni in kulturni vpliv? Morda bi morali gojiti precej budisti\u010dno naravnan pristop \u2013 vztrajati na odgovorni in so\u010dutni izobrazbi, raziskavah in kulturnih re\u0161itvah, ki poudarjajo pomen vsake \u017eive stvari ali pri iskanju na\u010dinov, s katerimi bi lahko kon\u010dno prepoznali pomen in opredelitev vseh oblik intuicije v vsestransko hevristi\u010dni izgradnji novih razumevanj zaznave. Moja intuicija je odvisna od zelo specifi\u010dne oblike poslu\u0161anja, obenem pa jo pogosto obarva mnemopoeti\u010dno izku\u0161anje moje neposredne okolice.<\/p>\n<p>Kolofon<\/p>\n<p>umetnice_ki:\u00a0Amper-o-mat, Marija Balubd\u017ei\u0107, beepblip, Ivan \u010ckonjevi\u0107, Toni Dimitrov, Martin Ecles, Bojan Gagi\u0107, Miron Ghiu, Ana Gnjatovi\u0107, Lukatoyboy,Regina Ionescu, Jovana Ivanac, Jasna Jovi\u0107evi\u0107, Mirian Kolev, Tna Kozin, Rastko Lazi\u0107, Ga\u0161per Livk, Svetlana Mara\u0161, Simina Oprescu, OR poiesis, PonTon, Ronald Panza, Maria Papadomanolaki, Peter Parmakov, Marko Paunovi\u0107, Bo\u0161tjan Perov\u0161ek, Bojana \u0160alji\u0107 Pode\u0161va, Maria Ponce, Anamaria Pravicencu, Sa\u0161o Puckovski, Sa\u0161a Rakef, Manja Risti\u0107, Yoana Robova, Sa\u0161a Spa\u010dal, Sound_00 + Lefterna, Igor Stangliczky, Teodora Stepan\u010di\u0107, Robertina \u0160ebjani\u010d, Marija \u0160umarac, Jan Turk, Mauricio Vald\u00e9s San-Emeterio, Vida Vatovec, Ivo Vi\u010di\u0107, Roberto Vodanovi\u0107, Ale\u0161 Hieng \u2013 Zergon, Brane Zorman.<\/p>\n<p>Kuratorica FM razstave\u00a0<em>radioCona:Krajine pripovediJV:<\/em>\u00a0Manja Risti\u0107<br \/>\nUmetniki zvo\u010dnega dogodka\u00a0JataC\u00a0<em>(beeplip, OR poiesis, Bo\u0161tjan Perov\u0161ek, Bojana \u0160alji\u0107 Pode\u0161va in Brane Zorman):Bibaret JC210120<\/em><br \/>\nTehnic\u030cno vodstvo: Brane Zorman, Marko Trstenjak<br \/>\nPrevodi v angle\u0161\u010dino in sloven\u0161\u010dino, jezikovni pregled: Urban Belina<br \/>\nFotografije: Manja Risti\u0107, Irena Pivka<br \/>\nSpletno oblikovanja: Vesna Bukovec, Irena Pivka<br \/>\nProducenta in organizatorja: Irena Pivka, Brane Zorman<br \/>\nOdnosi z javnostjo: Katarina Radaljac<\/p>\n<p>Partner FM oddajanja: RTV SLO OE Oddajniki in zveze<br \/>\nPartner spletnega oddajanja: Emanat<br \/>\nProdukcija: CONA, 2020, www.cona.si<br \/>\nProgram CONE podpira Mestna obc\u030cina Ljubljana, oddelek za kulturo, projekte podpira Ministrstvo za kulturo RS.<\/p>\n","protected":false},"excerpt":{"rendered":"<p>Poslu\u0161anje oskrunjene narave, poslu\u0161anje samega sebe, arhiviranje dru\u017ebenih realnosti ustvarjanje novih \u2013 s \u010duti, prebujenimi z zvokom. FM program po dnevih\u00a0 pdf\u00a0description of works radioCona:Krajine pripovedi JV \u00a0razstavlja dela zvo\u010dne umetnosti (s fokusom na bioakustiki in umetni\u0161kih intervencijah v terenske posnetke) z umetniki iz Slovenije, Hrva\u0161ke, Srbije, Bosne in Hercegovine, Makedonije, Gr\u010dije, Bolgarije in Romunije [&hellip;]<\/p>\n","protected":false},"author":3,"featured_media":0,"parent":0,"menu_order":0,"comment_status":"closed","ping_status":"closed","template":"","meta":{"_mi_skip_tracking":false,"_monsterinsights_sitenote_active":false,"_monsterinsights_sitenote_note":"","_monsterinsights_sitenote_category":0},"_links":{"self":[{"href":"https:\/\/www.radiocona.si\/slo\/wp-json\/wp\/v2\/pages\/823"}],"collection":[{"href":"https:\/\/www.radiocona.si\/slo\/wp-json\/wp\/v2\/pages"}],"about":[{"href":"https:\/\/www.radiocona.si\/slo\/wp-json\/wp\/v2\/types\/page"}],"author":[{"embeddable":true,"href":"https:\/\/www.radiocona.si\/slo\/wp-json\/wp\/v2\/users\/3"}],"replies":[{"embeddable":true,"href":"https:\/\/www.radiocona.si\/slo\/wp-json\/wp\/v2\/comments?post=823"}],"version-history":[{"count":25,"href":"https:\/\/www.radiocona.si\/slo\/wp-json\/wp\/v2\/pages\/823\/revisions"}],"predecessor-version":[{"id":904,"href":"https:\/\/www.radiocona.si\/slo\/wp-json\/wp\/v2\/pages\/823\/revisions\/904"}],"wp:attachment":[{"href":"https:\/\/www.radiocona.si\/slo\/wp-json\/wp\/v2\/media?parent=823"}],"curies":[{"name":"wp","href":"https:\/\/api.w.org\/{rel}","templated":true}]}}